{"id":2162,"date":"2026-04-30T10:47:29","date_gmt":"2026-04-30T08:47:29","guid":{"rendered":"https:\/\/ms.gellnerka.cz\/subdom\/ms\/?page_id=2162"},"modified":"2026-04-30T10:48:56","modified_gmt":"2026-04-30T08:48:56","slug":"oznameni-rozhodnuti-o-ne-prijeti","status":"publish","type":"page","link":"https:\/\/ms.gellnerka.cz\/subdom\/ms\/zapis-k-predskolnimu-vzdelavani-pro-rok-2026-27\/oznameni-rozhodnuti-o-ne-prijeti\/","title":{"rendered":"Ozn\u00e1men\u00ed rozhodnut\u00ed o\u00a0ne\/p\u0159ijet\u00ed"},"content":{"rendered":"<div class=\"x_elementToProof\" data-olk-copy-source=\"MessageBody\">Rozhodnut\u00ed o\u00a0p\u0159ijet\u00ed uchaze\u010de bude ozn\u00e1meno zve\u0159ejn\u011bn\u00edm seznamu uchaze\u010d\u016f pod p\u0159id\u011blen\u00fdm registra\u010dn\u00edm \u010d\u00edslem s\u00a0v\u00fdsledkem \u0159\u00edzen\u00ed u\u00a0ka\u017ed\u00e9ho uchaze\u010de na\u00a0ve\u0159ejn\u011b p\u0159\u00edstupn\u00e9m m\u00edst\u011b ve \u0161kole, a\u00a0to na \u00fa\u0159edn\u00ed desce vedle hlavn\u00edho vchodu \u0161koly (\u0160r\u00e1mkova 1, Brno &#8211; Lesn\u00e1), a\u00a0sou\u010dasn\u011b na\u00a0webov\u00fdch str\u00e1nk\u00e1ch \u0161koly\u00a0<a id=\"OWAe04850e8-0259-5031-ab2e-78eec8426e07\" class=\"x_OWAAutoLink\" title=\"http:\/\/www.zslogo.cz\/\" href=\"http:\/\/www.zslogo.cz\/\" target=\"_blank\" rel=\"noopener noreferrer\" data-auth=\"NotApplicable\" data-linkindex=\"0\">www.gellnerka.cz<\/a>.<\/div>\n<div><\/div>\n<div class=\"x_elementToProof\"><b>Den zve\u0159ejn\u011bn\u00ed seznamu p\u0159ijat\u00fdch uchaze\u010d\u016f<\/b>\u00a0pod p\u0159id\u011blen\u00fdm registra\u010dn\u00edm \u010d\u00edslem s\u00a0v\u00fdsledkem \u0159\u00edzen\u00ed u\u00a0ka\u017ed\u00e9ho uchaze\u010de je\u00a0<b>st\u0159eda 6.\u00a05.\u00a02026<\/b>.<\/div>\n<div><\/div>\n<div class=\"x_elementToProof\">Seznam p\u0159ijat\u00fdch uchaze\u010d\u016f pod p\u0159id\u011blen\u00fdm registra\u010dn\u00edm \u010d\u00edslem s\u00a0v\u00fdsledkem \u0159\u00edzen\u00ed u\u00a0ka\u017ed\u00e9ho uchaze\u010de bude zve\u0159ejn\u011bn ob\u011bma zp\u016fsoby alespo\u0148\u00a0<b>na dobu 15 dn\u016f<\/b>.<\/div>\n<div><\/div>\n<div class=\"x_elementToProof\">Zve\u0159ejn\u011bn\u00edm seznamu p\u0159ijat\u00fdch uchaze\u010d\u016f pod p\u0159id\u011blen\u00fdm registra\u010dn\u00edm \u010d\u00edslem s\u00a0v\u00fdsledkem \u0159\u00edzen\u00ed u\u00a0ka\u017ed\u00e9ho uchaze\u010de se pova\u017euj\u00ed rozhodnut\u00ed o\u00a0p\u0159ijet\u00ed za ozn\u00e1men\u00e1.<\/div>\n<div><\/div>\n<div class=\"x_elementToProof\"><b>Vyzvednut\u00ed rozhodnut\u00ed o\u00a0p\u0159ijet\u00ed\/ o\u00a0nep\u0159ijet\u00ed<\/b><\/div>\n<div class=\"x_elementToProof\"><b>Rozhodnut\u00ed o\u00a0p\u0159ijet\u00ed uchaze\u010de<\/b>\u00a0si m\u016f\u017ee z\u00e1konn\u00fd z\u00e1stupce\u00a0<b>vyzvednout ve \u010dtvrtek 7.\u00a05.\u00a02026<\/b>\u00a0v\u00a0\u010dase\u00a0<b>od 8.00 do\u00a011.00 a\u00a0d\u00e1le od 12:00 do\u00a015:00<\/b>\u00a0v\u00a0<b>\u0159editeln\u011b<\/b>\u00a0na\u00a0adrese \u0160r\u00e1mkova 1, 638 00, Brno &#8211; Lesn\u00e1\u00a0nebo\u00a0<b>na \u00favodn\u00ed informativn\u00ed sch\u016fzce pro z\u00e1konn\u00e9 z\u00e1stupce nov\u011b p\u0159ijat\u00fdch uchaze\u010d\u016f<\/b>\u00a0(d\u011bt\u00ed). Term\u00edn bude up\u0159esn\u011bn. Z\u00e1konn\u00ed z\u00e1stupci budou s\u00a0p\u0159edstihem informov\u00e1ni.<\/div>\n<div class=\"x_elementToProof\"><b>Rozhodnut\u00ed o\u00a0nep\u0159ijet\u00ed uchaze\u010de<\/b>\u00a0bude\u00a0<b>doru\u010deno z\u00e1konn\u00e9mu z\u00e1stupci do\u00a0vlastn\u00edch rukou<\/b>,\u00a0a to osobn\u00edm p\u0159ed\u00e1n\u00edm ve\u00a0<b>\u010dtvrtek 7.\u00a05.\u00a02026<\/b>\u00a0v\u00a0\u010dase\u00a0<b>od 8.00 do\u00a011.00 a\u00a0d\u00e1le od 12:00 do\u00a015:00<\/b>\u00a0v\u00a0<b>\u0159editeln\u011b<\/b> na adrese \u0160r\u00e1mkova 1, 638 00, Brno Lesn\u00e1 nebo <b>po\u0161tovn\u00ed z\u00e1silkou<\/b>\u00a0doru\u010denou do\u00a0vlastn\u00edch rukou, p\u0159\u00edpadn\u011b bude zasl\u00e1no prost\u0159ednictv\u00edm datov\u00e9 schr\u00e1nky, bude-li ID datov\u00e9 schr\u00e1nky z\u00e1konn\u00e9ho z\u00e1stupce uvedeno v\u00a0\u017e\u00e1dosti o\u00a0p\u0159ijet\u00ed\u00a0ke vzd\u011bl\u00e1v\u00e1n\u00ed.<\/div>\n","protected":false},"excerpt":{"rendered":"<p>Rozhodnut\u00ed o\u00a0p\u0159ijet\u00ed uchaze\u010de bude ozn\u00e1meno zve\u0159ejn\u011bn\u00edm seznamu uchaze\u010d\u016f pod p\u0159id\u011blen\u00fdm registra\u010dn\u00edm \u010d\u00edslem s\u00a0v\u00fdsledkem \u0159\u00edzen\u00ed u\u00a0ka\u017ed\u00e9ho uchaze\u010de na\u00a0ve\u0159ejn\u011b p\u0159\u00edstupn\u00e9m m\u00edst\u011b ve \u0161kole, a\u00a0to na \u00fa\u0159edn\u00ed desce vedle hlavn\u00edho vchodu \u0161koly (\u0160r\u00e1mkova 1, Brno &#8211; Lesn\u00e1), a\u00a0sou\u010dasn\u011b na\u00a0webov\u00fdch str\u00e1nk\u00e1ch \u0161koly\u00a0www.gellnerka.cz. Den zve\u0159ejn\u011bn\u00ed seznamu p\u0159ijat\u00fdch uchaze\u010d\u016f\u00a0pod p\u0159id\u011blen\u00fdm registra\u010dn\u00edm \u010d\u00edslem s\u00a0v\u00fdsledkem \u0159\u00edzen\u00ed u\u00a0ka\u017ed\u00e9ho uchaze\u010de je\u00a0st\u0159eda 6.\u00a05.\u00a02026. Seznam p\u0159ijat\u00fdch uchaze\u010d\u016f &hellip;<\/p>\n<p class=\"read-more\"> <a class=\"\" href=\"https:\/\/ms.gellnerka.cz\/subdom\/ms\/zapis-k-predskolnimu-vzdelavani-pro-rok-2026-27\/oznameni-rozhodnuti-o-ne-prijeti\/\"> <span class=\"screen-reader-text\">Ozn\u00e1men\u00ed rozhodnut\u00ed o\u00a0ne\/p\u0159ijet\u00ed<\/span> Pokra\u010dovat ve \u010dten\u00ed &raquo;<\/a><\/p>\n","protected":false},"author":2,"featured_media":0,"parent":1969,"menu_order":0,"comment_status":"closed","ping_status":"closed","template":"","meta":[],"_links":{"self":[{"href":"https:\/\/ms.gellnerka.cz\/subdom\/ms\/wp-json\/wp\/v2\/pages\/2162"}],"collection":[{"href":"https:\/\/ms.gellnerka.cz\/subdom\/ms\/wp-json\/wp\/v2\/pages"}],"about":[{"href":"https:\/\/ms.gellnerka.cz\/subdom\/ms\/wp-json\/wp\/v2\/types\/page"}],"author":[{"embeddable":true,"href":"https:\/\/ms.gellnerka.cz\/subdom\/ms\/wp-json\/wp\/v2\/users\/2"}],"replies":[{"embeddable":true,"href":"https:\/\/ms.gellnerka.cz\/subdom\/ms\/wp-json\/wp\/v2\/comments?post=2162"}],"version-history":[{"count":1,"href":"https:\/\/ms.gellnerka.cz\/subdom\/ms\/wp-json\/wp\/v2\/pages\/2162\/revisions"}],"predecessor-version":[{"id":2163,"href":"https:\/\/ms.gellnerka.cz\/subdom\/ms\/wp-json\/wp\/v2\/pages\/2162\/revisions\/2163"}],"up":[{"embeddable":true,"href":"https:\/\/ms.gellnerka.cz\/subdom\/ms\/wp-json\/wp\/v2\/pages\/1969"}],"wp:attachment":[{"href":"https:\/\/ms.gellnerka.cz\/subdom\/ms\/wp-json\/wp\/v2\/media?parent=2162"}],"curies":[{"name":"wp","href":"https:\/\/api.w.org\/{rel}","templated":true}]}}